{"id":7416,"date":"2018-10-14T09:39:43","date_gmt":"2018-10-14T09:39:43","guid":{"rendered":"http:\/\/www.urrotz.org\/?page_id=7416"},"modified":"2024-03-27T09:15:25","modified_gmt":"2024-03-27T09:15:25","slug":"ubicacion","status":"publish","type":"page","link":"http:\/\/www.urrotz.eus\/es\/ubicacion\/","title":{"rendered":"Vis\u00edtanos"},"content":{"rendered":"<p><\/p>\n<h6><strong><span style=\"color: #800000\">UBICACI\u00d3N:<\/span><\/strong><\/h6>\n<p>La localidad de Urroz se sit\u00faa dentro del valle de Malerreka, comarca del Alto Bidasoa, zona situada en la parte norte de la Comunidad Foral de Navarra.<\/p>\n<p>Su t\u00e9rmino municipal tiene una superficie de 10,46\u00a0km\u00b2 y limita al norte con el municipio de Ituren, al este con el de Oiz, al sur con el valle de la Ultzama y al oeste con el municipio de Beintza-Labaien.<\/p>\n\n\t\t<style type=\"text\/css\">\n\t\t\t#gallery-2 {\n\t\t\t\tmargin: auto;\n\t\t\t}\n\t\t\t#gallery-2 .gallery-item {\n\t\t\t\tfloat: left;\n\t\t\t\tmargin-top: 10px;\n\t\t\t\ttext-align: center;\n\t\t\t\twidth: 33%;\n\t\t\t}\n\t\t\t#gallery-2 img {\n\t\t\t\tborder: 2px solid #cfcfcf;\n\t\t\t}\n\t\t\t#gallery-2 .gallery-caption {\n\t\t\t\tmargin-left: 0;\n\t\t\t}\n\t\t\t\/* see gallery_shortcode() in wp-includes\/media.php *\/\n\t\t<\/style>\n\t\t<div data-carousel-extra='{\"blog_id\":33,\"permalink\":\"http:\\\/\\\/www.urrotz.eus\\\/es\\\/ubicacion\\\/\",\"likes_blog_id\":false}' id='gallery-2' class='gallery galleryid-7416 gallery-columns-3 gallery-size-full'><dl class='gallery-item'>\n\t\t\t<dt class='gallery-icon landscape'>\n\t\t\t\t<a href='http:\/\/www.urrotz.eus\/wp-content\/uploads\/sites\/33\/2019\/01\/P1100014.jpg'><img loading=\"lazy\" decoding=\"async\" width=\"4608\" height=\"2592\" src=\"http:\/\/www.urrotz.eus\/wp-content\/uploads\/sites\/33\/2019\/01\/P1100014.jpg\" class=\"attachment-full size-full\" alt=\"\" srcset=\"http:\/\/www.urrotz.eus\/wp-content\/uploads\/sites\/33\/2019\/01\/P1100014.jpg 4608w, http:\/\/www.urrotz.eus\/wp-content\/uploads\/sites\/33\/2019\/01\/P1100014-300x169.jpg 300w, http:\/\/www.urrotz.eus\/wp-content\/uploads\/sites\/33\/2019\/01\/P1100014-768x432.jpg 768w, http:\/\/www.urrotz.eus\/wp-content\/uploads\/sites\/33\/2019\/01\/P1100014-1024x576.jpg 1024w\" sizes=\"auto, (max-width: 4608px) 100vw, 4608px\" data-attachment-id=\"7471\" data-orig-file=\"http:\/\/www.urrotz.eus\/wp-content\/uploads\/sites\/33\/2019\/01\/P1100014.jpg\" data-orig-size=\"4608,2592\" data-comments-opened=\"0\" data-image-meta=\"{&quot;aperture&quot;:&quot;0&quot;,&quot;credit&quot;:&quot;&quot;,&quot;camera&quot;:&quot;&quot;,&quot;caption&quot;:&quot;&quot;,&quot;created_timestamp&quot;:&quot;0&quot;,&quot;copyright&quot;:&quot;&quot;,&quot;focal_length&quot;:&quot;0&quot;,&quot;iso&quot;:&quot;0&quot;,&quot;shutter_speed&quot;:&quot;0&quot;,&quot;title&quot;:&quot;&quot;,&quot;orientation&quot;:&quot;0&quot;,&quot;keywords&quot;:&quot;Array&quot;}\" data-image-title=\"P1100014\" data-image-description=\"\" data-medium-file=\"http:\/\/www.urrotz.eus\/wp-content\/uploads\/sites\/33\/2019\/01\/P1100014-300x169.jpg\" data-large-file=\"http:\/\/www.urrotz.eus\/wp-content\/uploads\/sites\/33\/2019\/01\/P1100014-1024x576.jpg\" \/><\/a>\n\t\t\t<\/dt><\/dl><dl class='gallery-item'>\n\t\t\t<dt class='gallery-icon landscape'>\n\t\t\t\t<a href='http:\/\/www.urrotz.eus\/wp-content\/uploads\/sites\/33\/2019\/01\/P1150008.jpg'><img loading=\"lazy\" decoding=\"async\" width=\"4608\" height=\"2592\" src=\"http:\/\/www.urrotz.eus\/wp-content\/uploads\/sites\/33\/2019\/01\/P1150008.jpg\" class=\"attachment-full size-full\" alt=\"\" srcset=\"http:\/\/www.urrotz.eus\/wp-content\/uploads\/sites\/33\/2019\/01\/P1150008.jpg 4608w, http:\/\/www.urrotz.eus\/wp-content\/uploads\/sites\/33\/2019\/01\/P1150008-300x169.jpg 300w, http:\/\/www.urrotz.eus\/wp-content\/uploads\/sites\/33\/2019\/01\/P1150008-768x432.jpg 768w, http:\/\/www.urrotz.eus\/wp-content\/uploads\/sites\/33\/2019\/01\/P1150008-1024x576.jpg 1024w\" sizes=\"auto, (max-width: 4608px) 100vw, 4608px\" data-attachment-id=\"7472\" data-orig-file=\"http:\/\/www.urrotz.eus\/wp-content\/uploads\/sites\/33\/2019\/01\/P1150008.jpg\" data-orig-size=\"4608,2592\" data-comments-opened=\"0\" data-image-meta=\"{&quot;aperture&quot;:&quot;0&quot;,&quot;credit&quot;:&quot;&quot;,&quot;camera&quot;:&quot;&quot;,&quot;caption&quot;:&quot;&quot;,&quot;created_timestamp&quot;:&quot;0&quot;,&quot;copyright&quot;:&quot;&quot;,&quot;focal_length&quot;:&quot;0&quot;,&quot;iso&quot;:&quot;0&quot;,&quot;shutter_speed&quot;:&quot;0&quot;,&quot;title&quot;:&quot;&quot;,&quot;orientation&quot;:&quot;0&quot;,&quot;keywords&quot;:&quot;Array&quot;}\" data-image-title=\"P1150008\" data-image-description=\"\" data-medium-file=\"http:\/\/www.urrotz.eus\/wp-content\/uploads\/sites\/33\/2019\/01\/P1150008-300x169.jpg\" data-large-file=\"http:\/\/www.urrotz.eus\/wp-content\/uploads\/sites\/33\/2019\/01\/P1150008-1024x576.jpg\" \/><\/a>\n\t\t\t<\/dt><\/dl><dl class='gallery-item'>\n\t\t\t<dt class='gallery-icon landscape'>\n\t\t\t\t<a href='http:\/\/www.urrotz.eus\/wp-content\/uploads\/sites\/33\/2018\/04\/P10101470.jpg'><img loading=\"lazy\" decoding=\"async\" width=\"2048\" height=\"1536\" src=\"http:\/\/www.urrotz.eus\/wp-content\/uploads\/sites\/33\/2018\/04\/P10101470.jpg\" class=\"attachment-full size-full\" alt=\"\" srcset=\"http:\/\/www.urrotz.eus\/wp-content\/uploads\/sites\/33\/2018\/04\/P10101470.jpg 2048w, http:\/\/www.urrotz.eus\/wp-content\/uploads\/sites\/33\/2018\/04\/P10101470-300x225.jpg 300w, http:\/\/www.urrotz.eus\/wp-content\/uploads\/sites\/33\/2018\/04\/P10101470-768x576.jpg 768w, http:\/\/www.urrotz.eus\/wp-content\/uploads\/sites\/33\/2018\/04\/P10101470-1024x768.jpg 1024w\" sizes=\"auto, (max-width: 2048px) 100vw, 2048px\" data-attachment-id=\"50\" data-orig-file=\"http:\/\/www.urrotz.eus\/wp-content\/uploads\/sites\/33\/2018\/04\/P10101470.jpg\" data-orig-size=\"2048,1536\" data-comments-opened=\"0\" data-image-meta=\"{&quot;aperture&quot;:&quot;0&quot;,&quot;credit&quot;:&quot;&quot;,&quot;camera&quot;:&quot;&quot;,&quot;caption&quot;:&quot;&quot;,&quot;created_timestamp&quot;:&quot;0&quot;,&quot;copyright&quot;:&quot;&quot;,&quot;focal_length&quot;:&quot;0&quot;,&quot;iso&quot;:&quot;0&quot;,&quot;shutter_speed&quot;:&quot;0&quot;,&quot;title&quot;:&quot;&quot;,&quot;orientation&quot;:&quot;0&quot;,&quot;keywords&quot;:&quot;Array&quot;}\" data-image-title=\"P10101470\" data-image-description=\"\" data-medium-file=\"http:\/\/www.urrotz.eus\/wp-content\/uploads\/sites\/33\/2018\/04\/P10101470-300x225.jpg\" data-large-file=\"http:\/\/www.urrotz.eus\/wp-content\/uploads\/sites\/33\/2018\/04\/P10101470-1024x768.jpg\" \/><\/a>\n\t\t\t<\/dt><\/dl><br style=\"clear: both\" \/>\n\t\t<\/div>\n\n<h6><strong><span style=\"color: #800000\">HISTORIA:<\/span><\/strong><\/h6>\n<p>La presencia humana en Urrotz y su entorno es conocida ya en la prehistoria, hace unos 5.000 a\u00f1os, como lo atestiguan los cercanos d\u00f3lmenes de Pittortzar\u00a0y Mugakosoro. Sin embargo, no es hasta el a\u00f1o 1.280 cuando el lugar de Urrotz aparece mencionado por primera vez en un documento. Hasta el a\u00f1o 1.845, la historia de este pueblo se halla vinculada a la del valle de\u00a0Santesteban de Lerin, a\u00f1o en que se convirti\u00f3 en municipio independiente.<\/p>\n<p><img loading=\"lazy\" decoding=\"async\" class=\"size-medium wp-image-7444 aligncenter\" src=\"http:\/\/www.urrotz.org\/wp-content\/uploads\/sites\/33\/2018\/10\/dolmen-300x169.jpg\" alt=\"\" width=\"300\" height=\"169\" srcset=\"http:\/\/www.urrotz.eus\/wp-content\/uploads\/sites\/33\/2018\/10\/dolmen-300x169.jpg 300w, http:\/\/www.urrotz.eus\/wp-content\/uploads\/sites\/33\/2018\/10\/dolmen-768x432.jpg 768w, http:\/\/www.urrotz.eus\/wp-content\/uploads\/sites\/33\/2018\/10\/dolmen-1024x576.jpg 1024w, http:\/\/www.urrotz.eus\/wp-content\/uploads\/sites\/33\/2018\/10\/dolmen.jpg 1600w\" sizes=\"auto, (max-width: 300px) 100vw, 300px\" \/><\/p>\n<p>A lo largo del siglo XIX el entorno de Urrotz fue escenario de varios episodios de las\u00a0Guerras Carlistas, destacando entre ellos la\u00a0batalla de Larremear\u00a0el 12 de marzo de 1835 entre las tropas liberales, dirigidas por el general Espoz y Mina, y las carlistas, dirigidas por el general Zumalakarregi. En mayo de 1872, durante la Tercera Guerra Carlista, la pr\u00f3xima localidad de Orokieta (valle de Basaburua) fue escenario de una batalla que origin\u00f3 la primera actuaci\u00f3n de la Cruz Roja de Navarra.<\/p>\n<p>El entorno monta\u00f1oso del pueblo siempre ha sido escenario de tr\u00e1fico de mercanc\u00edas y v\u00eda de comunicaci\u00f3n con otras zonas. As\u00ed pues, la construcci\u00f3n de la carretera del puerto de Belate supuso una dura competencia para estas zonas de paso monta\u00f1osas, por lo que se procedi\u00f3 a realizar mejoras de la calzada y el pavimento, como en el\u00a0camino empedrado de Zumardena.<\/p>\n<p><img loading=\"lazy\" decoding=\"async\" class=\"size-medium wp-image-7432 aligncenter\" src=\"http:\/\/www.urrotz.org\/wp-content\/uploads\/sites\/33\/2018\/10\/cruz-de-erlain-300x169.jpg\" alt=\"\" width=\"300\" height=\"169\" srcset=\"http:\/\/www.urrotz.eus\/wp-content\/uploads\/sites\/33\/2018\/10\/cruz-de-erlain-300x169.jpg 300w, http:\/\/www.urrotz.eus\/wp-content\/uploads\/sites\/33\/2018\/10\/cruz-de-erlain-768x432.jpg 768w, http:\/\/www.urrotz.eus\/wp-content\/uploads\/sites\/33\/2018\/10\/cruz-de-erlain-1024x576.jpg 1024w, http:\/\/www.urrotz.eus\/wp-content\/uploads\/sites\/33\/2018\/10\/cruz-de-erlain.jpg 1600w\" sizes=\"auto, (max-width: 300px) 100vw, 300px\" \/><\/p>\n<p><img loading=\"lazy\" decoding=\"async\" class=\"size-medium wp-image-7445 aligncenter\" src=\"http:\/\/www.urrotz.org\/wp-content\/uploads\/sites\/33\/2018\/10\/calzada-romana-169x300.jpg\" alt=\"\" width=\"169\" height=\"300\" srcset=\"http:\/\/www.urrotz.eus\/wp-content\/uploads\/sites\/33\/2018\/10\/calzada-romana-169x300.jpg 169w, http:\/\/www.urrotz.eus\/wp-content\/uploads\/sites\/33\/2018\/10\/calzada-romana-768x1365.jpg 768w, http:\/\/www.urrotz.eus\/wp-content\/uploads\/sites\/33\/2018\/10\/calzada-romana-576x1024.jpg 576w, http:\/\/www.urrotz.eus\/wp-content\/uploads\/sites\/33\/2018\/10\/calzada-romana.jpg 900w\" sizes=\"auto, (max-width: 169px) 100vw, 169px\" \/><\/p>\n<p>Actualmente, el pueblo de Urrotz cuenta con un censo total de 175 personas distribu\u00eddas entre las viviendas situadas en el pueblo y otras viviendas (caser\u00edos) diseminados por las zonas monta\u00f1osas de alrededor.<\/p>\n<h6><strong><span style=\"color: #800000\">C\u00d3MO LLEGAR:<\/span><\/strong><\/h6>\n<p><strong><em><span style=\"color: #008000\">Desde Pamplona:<\/span><\/em><\/strong><\/p>\n<p>-Carretera Ir\u00fan\/N-121-A<\/p>\n<p>-Sigue por N-121-A hacia NA-1210. Toma la salida hacia Legasa\/Doneztebe-Santesteban desde N-121A<\/p>\n<p class=\"font_7\">-Toma NA-4040 hasta Urroz<\/p>\n<p><span style=\"color: #008000\"><strong><em>Desde Donostia\/San Sebasti\u00e1n:<\/em><\/strong><\/span><\/p>\n<p>-Autopista AP-8<\/p>\n<p>-Toma la salida 1 hacia N-121-A en direcci\u00f3n Ir\u00fan\/Pamplona-Iru\u00f1ea<\/p>\n<p>-Toma NA-4040 hasta Urroz<\/p>\n<p><span style=\"color: #008000\"><em><strong>En autob\u00fas:<\/strong><\/em><\/span><\/p>\n<p>Existe un autob\u00fas de l\u00ednea que viaja entre Elizondo y Pamplona, una de cuyas paradas la realiza en Santesteban, localidad cercana a Urroz.<\/p>\n<p>Para m\u00e1s informaci\u00f3n:\u00a0http:\/\/www.labaztanesa.com\/index.html<\/p>\n<h6><strong><span style=\"color: #800000\">COMER Y DORMIR:<\/span><\/strong><\/h6>\n<h6><strong><span style=\"color: #008000\">D\u00d3NDE COMER:<\/span><\/strong><\/h6>\n<table>\n<tbody>\n<tr>\n<th>Nombre<\/th>\n<th>Direcci\u00f3n<\/th>\n<th>Tel\u00e9fono<\/th>\n<th><\/th>\n<\/tr>\n<tr>\n<td>Urrozko Ostatua<\/td>\n<td>San Migel Karrika 1<\/td>\n<td><\/td>\n<td><\/td>\n<\/tr>\n<\/tbody>\n<\/table>\n<h6><strong><span style=\"color: #008000\">D\u00d3NDE DORMIR:<\/span><\/strong><\/h6>\n<table>\n<tbody>\n<tr>\n<th>Nombre<\/th>\n<th>Direcci\u00f3n<\/th>\n<th>Tel\u00e9fono<\/th>\n<\/tr>\n<tr>\n<td>Casa Rural Danboli\u00f1enea<\/td>\n<td>Urrotz<\/td>\n<td>948 451733<\/td>\n<\/tr>\n<tr>\n<td>Casa Rural Tomasenea<\/td>\n<td>Urrotz<\/td>\n<td>948 450232<\/td>\n<\/tr>\n<tr>\n<td>Casa Rural Juankonogoia<\/td>\n<td>Urrotz<\/td>\n<td>948 450576<\/td>\n<\/tr>\n<\/tbody>\n<\/table>\n<h6><\/h6>\n<p><\/p>","protected":false},"excerpt":{"rendered":"<p>UBICACI\u00d3N: La localidad de Urroz se sit\u00faa dentro del valle de Malerreka, comarca del Alto Bidasoa, zona situada en la parte norte de la Comunidad Foral de Navarra. Su t\u00e9rmino municipal tiene una superficie de 10,46\u00a0km\u00b2 y limita al norte&hellip; <\/p>\n","protected":false},"author":19041,"featured_media":0,"parent":0,"menu_order":20,"comment_status":"closed","ping_status":"closed","template":"","meta":{"_monsterinsights_skip_tracking":false,"_monsterinsights_sitenote_active":false,"_monsterinsights_sitenote_note":"","_monsterinsights_sitenote_category":0,"footnotes":""},"class_list":["post-7416","page","type-page","status-publish","hentry"],"yoast_head":"<!-- This site is optimized with the Yoast SEO plugin v26.8 - https:\/\/yoast.com\/product\/yoast-seo-wordpress\/ -->\r\n<title>Vis\u00edtanos - Ayuntamiento de Urrotz<\/title>\r\n<meta name=\"robots\" content=\"index, follow, max-snippet:-1, max-image-preview:large, max-video-preview:-1\" \/>\r\n<link rel=\"canonical\" href=\"http:\/\/www.urrotz.eus\/es\/ubicacion\/\" \/>\r\n<meta property=\"og:locale\" content=\"es_ES\" \/>\r\n<meta property=\"og:type\" content=\"article\" \/>\r\n<meta property=\"og:title\" content=\"Vis\u00edtanos - Ayuntamiento de Urrotz\" \/>\r\n<meta property=\"og:description\" content=\"UBICACI\u00d3N: La localidad de Urroz se sit\u00faa dentro del valle de Malerreka, comarca del Alto Bidasoa, zona situada en la parte norte de la Comunidad Foral de Navarra. Su t\u00e9rmino municipal tiene una superficie de 10,46\u00a0km\u00b2 y limita al norte&hellip;\" \/>\r\n<meta property=\"og:url\" content=\"http:\/\/www.urrotz.eus\/es\/ubicacion\/\" \/>\r\n<meta property=\"og:site_name\" content=\"Ayuntamiento de Urrotz\" \/>\r\n<meta property=\"article:modified_time\" content=\"2024-03-27T09:15:25+00:00\" \/>\r\n<meta property=\"og:image\" content=\"http:\/\/www.urrotz.eus\/wp-content\/uploads\/sites\/33\/2019\/01\/P1150008.jpg\" \/>\r\n<meta name=\"twitter:card\" content=\"summary_large_image\" \/>\r\n<meta name=\"twitter:label1\" content=\"Tiempo de lectura\" \/>\n\t<meta name=\"twitter:data1\" content=\"2 minutos\" \/>\r\n<script type=\"application\/ld+json\" class=\"yoast-schema-graph\">{\"@context\":\"https:\/\/schema.org\",\"@graph\":[{\"@type\":\"WebPage\",\"@id\":\"http:\/\/www.urrotz.eus\/es\/ubicacion\/\",\"url\":\"http:\/\/www.urrotz.eus\/es\/ubicacion\/\",\"name\":\"Vis\u00edtanos - Ayuntamiento de Urrotz\",\"isPartOf\":{\"@id\":\"http:\/\/www.urrotz.eus\/es\/#website\"},\"primaryImageOfPage\":{\"@id\":\"http:\/\/www.urrotz.eus\/es\/ubicacion\/#primaryimage\"},\"image\":{\"@id\":\"http:\/\/www.urrotz.eus\/ubicacion\/#primaryimage\"},\"thumbnailUrl\":\"http:\/\/www.urrotz.org\/wp-content\/uploads\/sites\/33\/2018\/10\/dolmen-300x169.jpg\",\"datePublished\":\"2018-10-14T09:39:43+00:00\",\"dateModified\":\"2024-03-27T09:15:25+00:00\",\"breadcrumb\":{\"@id\":\"http:\/\/www.urrotz.eus\/es\/ubicacion\/#breadcrumb\"},\"inLanguage\":\"es\",\"potentialAction\":[{\"@type\":\"ReadAction\",\"target\":[[\"http:\/\/www.urrotz.eus\/es\/ubicacion\/\"]]}]},{\"@type\":\"ImageObject\",\"inLanguage\":\"es\",\"@id\":\"http:\/\/www.urrotz.eus\/es\/ubicacion\/#primaryimage\",\"url\":\"http:\/\/www.urrotz.org\/wp-content\/uploads\/sites\/33\/2018\/10\/dolmen-300x169.jpg\",\"contentUrl\":\"http:\/\/www.urrotz.org\/wp-content\/uploads\/sites\/33\/2018\/10\/dolmen-300x169.jpg\"},{\"@type\":\"BreadcrumbList\",\"@id\":\"http:\/\/www.urrotz.eus\/es\/ubicacion\/#breadcrumb\",\"itemListElement\":[{\"@type\":\"ListItem\",\"position\":1,\"name\":\"Home\",\"item\":\"http:\/\/www.urrotz.eus\/es\/\"},{\"@type\":\"ListItem\",\"position\":2,\"name\":\"Vis\u00edtanos\"}]},{\"@type\":\"WebSite\",\"@id\":\"http:\/\/www.urrotz.eus\/es\/#website\",\"url\":\"http:\/\/www.urrotz.eus\/es\/\",\"name\":\"Ayuntamiento de Urrotz\",\"description\":\"Sitio web del Ayuntamiento de Urrotz\",\"potentialAction\":[{\"@type\":\"SearchAction\",\"target\":{\"@type\":\"EntryPoint\",\"urlTemplate\":\"http:\/\/www.urrotz.eus\/es\/?s={search_term_string}\"},\"query-input\":{\"@type\":\"PropertyValueSpecification\",\"valueRequired\":true,\"valueName\":\"search_term_string\"}}],\"inLanguage\":\"es\"}]}<\/script>\r\n<!-- \/ Yoast SEO plugin. -->","yoast_head_json":{"title":"Vis\u00edtanos - Ayuntamiento de Urrotz","robots":{"index":"index","follow":"follow","max-snippet":"max-snippet:-1","max-image-preview":"max-image-preview:large","max-video-preview":"max-video-preview:-1"},"canonical":"http:\/\/www.urrotz.eus\/es\/ubicacion\/","og_locale":"es_ES","og_type":"article","og_title":"Vis\u00edtanos - Ayuntamiento de Urrotz","og_description":"UBICACI\u00d3N: La localidad de Urroz se sit\u00faa dentro del valle de Malerreka, comarca del Alto Bidasoa, zona situada en la parte norte de la Comunidad Foral de Navarra. Su t\u00e9rmino municipal tiene una superficie de 10,46\u00a0km\u00b2 y limita al norte&hellip;","og_url":"http:\/\/www.urrotz.eus\/es\/ubicacion\/","og_site_name":"Ayuntamiento de Urrotz","article_modified_time":"2024-03-27T09:15:25+00:00","og_image":[{"url":"http:\/\/www.urrotz.eus\/wp-content\/uploads\/sites\/33\/2019\/01\/P1150008.jpg","type":"","width":"","height":""}],"twitter_card":"summary_large_image","twitter_misc":{"Tiempo de lectura":"2 minutos"},"schema":{"@context":"https:\/\/schema.org","@graph":[{"@type":"WebPage","@id":"http:\/\/www.urrotz.eus\/es\/ubicacion\/","url":"http:\/\/www.urrotz.eus\/es\/ubicacion\/","name":"Vis\u00edtanos - Ayuntamiento de Urrotz","isPartOf":{"@id":"http:\/\/www.urrotz.eus\/es\/#website"},"primaryImageOfPage":{"@id":"http:\/\/www.urrotz.eus\/es\/ubicacion\/#primaryimage"},"image":{"@id":"http:\/\/www.urrotz.eus\/ubicacion\/#primaryimage"},"thumbnailUrl":"http:\/\/www.urrotz.org\/wp-content\/uploads\/sites\/33\/2018\/10\/dolmen-300x169.jpg","datePublished":"2018-10-14T09:39:43+00:00","dateModified":"2024-03-27T09:15:25+00:00","breadcrumb":{"@id":"http:\/\/www.urrotz.eus\/es\/ubicacion\/#breadcrumb"},"inLanguage":"es","potentialAction":[{"@type":"ReadAction","target":[["http:\/\/www.urrotz.eus\/es\/ubicacion\/"]]}]},{"@type":"ImageObject","inLanguage":"es","@id":"http:\/\/www.urrotz.eus\/es\/ubicacion\/#primaryimage","url":"http:\/\/www.urrotz.org\/wp-content\/uploads\/sites\/33\/2018\/10\/dolmen-300x169.jpg","contentUrl":"http:\/\/www.urrotz.org\/wp-content\/uploads\/sites\/33\/2018\/10\/dolmen-300x169.jpg"},{"@type":"BreadcrumbList","@id":"http:\/\/www.urrotz.eus\/es\/ubicacion\/#breadcrumb","itemListElement":[{"@type":"ListItem","position":1,"name":"Home","item":"http:\/\/www.urrotz.eus\/es\/"},{"@type":"ListItem","position":2,"name":"Vis\u00edtanos"}]},{"@type":"WebSite","@id":"http:\/\/www.urrotz.eus\/es\/#website","url":"http:\/\/www.urrotz.eus\/es\/","name":"Ayuntamiento de Urrotz","description":"Sitio web del Ayuntamiento de Urrotz","potentialAction":[{"@type":"SearchAction","target":{"@type":"EntryPoint","urlTemplate":"http:\/\/www.urrotz.eus\/es\/?s={search_term_string}"},"query-input":{"@type":"PropertyValueSpecification","valueRequired":true,"valueName":"search_term_string"}}],"inLanguage":"es"}]}},"_links":{"self":[{"href":"http:\/\/www.urrotz.eus\/es\/wp-json\/wp\/v2\/pages\/7416","targetHints":{"allow":["GET"]}}],"collection":[{"href":"http:\/\/www.urrotz.eus\/es\/wp-json\/wp\/v2\/pages"}],"about":[{"href":"http:\/\/www.urrotz.eus\/es\/wp-json\/wp\/v2\/types\/page"}],"author":[{"embeddable":true,"href":"http:\/\/www.urrotz.eus\/es\/wp-json\/wp\/v2\/users\/19041"}],"replies":[{"embeddable":true,"href":"http:\/\/www.urrotz.eus\/es\/wp-json\/wp\/v2\/comments?post=7416"}],"version-history":[{"count":12,"href":"http:\/\/www.urrotz.eus\/es\/wp-json\/wp\/v2\/pages\/7416\/revisions"}],"predecessor-version":[{"id":8310,"href":"http:\/\/www.urrotz.eus\/es\/wp-json\/wp\/v2\/pages\/7416\/revisions\/8310"}],"wp:attachment":[{"href":"http:\/\/www.urrotz.eus\/es\/wp-json\/wp\/v2\/media?parent=7416"}],"curies":[{"name":"wp","href":"https:\/\/api.w.org\/{rel}","templated":true}]}}